{"id":11,"date":"2021-10-21T09:17:59","date_gmt":"2021-10-21T09:17:59","guid":{"rendered":"http:\/\/massagepraxis-ilanz.ch\/?page_id=11"},"modified":"2026-03-16T23:52:34","modified_gmt":"2026-03-16T23:52:34","slug":"home","status":"publish","type":"page","link":"https:\/\/massagepraxis-ilanz.ch\/","title":{"rendered":"Home"},"content":{"rendered":"\t\t<div data-elementor-type=\"wp-page\" data-elementor-id=\"11\" class=\"elementor elementor-11\">\n\t\t\t\t\t\t<section class=\"elementor-section elementor-top-section elementor-element elementor-element-c61a0d6 elementor-section-boxed elementor-section-height-default elementor-section-height-default\" data-id=\"c61a0d6\" data-element_type=\"section\" data-e-type=\"section\">\n\t\t\t\t\t\t<div class=\"elementor-container elementor-column-gap-default\">\n\t\t\t\t\t<div class=\"elementor-column elementor-col-100 elementor-top-column elementor-element elementor-element-ff0cb56\" data-id=\"ff0cb56\" data-element_type=\"column\" data-e-type=\"column\">\n\t\t\t<div class=\"elementor-widget-wrap elementor-element-populated\">\n\t\t\t\t\t\t\t<\/div>\n\t\t<\/div>\n\t\t\t\t\t<\/div>\n\t\t<\/section>\n\t\t\t\t<section class=\"elementor-section elementor-top-section elementor-element elementor-element-3aa3976 elementor-section-boxed elementor-section-height-default elementor-section-height-default\" data-id=\"3aa3976\" data-element_type=\"section\" data-e-type=\"section\">\n\t\t\t\t\t\t<div class=\"elementor-container elementor-column-gap-default\">\n\t\t\t\t\t<div class=\"elementor-column elementor-col-100 elementor-top-column elementor-element elementor-element-e8854bd\" data-id=\"e8854bd\" data-element_type=\"column\" data-e-type=\"column\">\n\t\t\t<div class=\"elementor-widget-wrap elementor-element-populated\">\n\t\t\t\t\t\t<div class=\"elementor-element elementor-element-720b9c2 elementor-widget elementor-widget-text-editor\" data-id=\"720b9c2\" data-element_type=\"widget\" data-e-type=\"widget\" data-widget_type=\"text-editor.default\">\n\t\t\t\t<div class=\"elementor-widget-container\">\n\t\t\t\t\t\t\t\t\t<h1>Praxis MET &amp; K\u00f6rpertherapie<\/h1><h1>Ihre Gesundheitspraxis in der Surselva<\/h1>\t\t\t\t\t\t\t\t<\/div>\n\t\t\t\t<\/div>\n\t\t\t\t<div class=\"elementor-element elementor-element-448c734 elementor-widget elementor-widget-text-editor\" data-id=\"448c734\" data-element_type=\"widget\" data-e-type=\"widget\" data-widget_type=\"text-editor.default\">\n\t\t\t\t<div class=\"elementor-widget-container\">\n\t\t\t\t\t\t\t\t\t<h2 class=\"beschreibung\" style=\"text-align: center;\">Klassische Massage, Lymphdrainage, Fussreflexzonenmassage, Lebensberatung<\/h2>\t\t\t\t\t\t\t\t<\/div>\n\t\t\t\t<\/div>\n\t\t\t\t\t<\/div>\n\t\t<\/div>\n\t\t\t\t\t<\/div>\n\t\t<\/section>\n\t\t\t\t<section class=\"elementor-section elementor-top-section elementor-element elementor-element-c92ace2 elementor-section-boxed elementor-section-height-default elementor-section-height-default\" data-id=\"c92ace2\" data-element_type=\"section\" data-e-type=\"section\">\n\t\t\t\t\t\t<div class=\"elementor-container elementor-column-gap-default\">\n\t\t\t\t\t<div class=\"elementor-column elementor-col-100 elementor-top-column elementor-element elementor-element-e42bf31\" data-id=\"e42bf31\" data-element_type=\"column\" data-e-type=\"column\">\n\t\t\t<div class=\"elementor-widget-wrap elementor-element-populated\">\n\t\t\t\t\t\t<div class=\"elementor-element elementor-element-95ee774 elementor-widget-divider--view-line_icon elementor-widget-divider--separator-type-pattern elementor-view-default elementor-widget-divider--element-align-center elementor-widget elementor-widget-divider\" data-id=\"95ee774\" data-element_type=\"widget\" data-e-type=\"widget\" data-widget_type=\"divider.default\">\n\t\t\t\t<div class=\"elementor-widget-container\">\n\t\t\t\t\t\t\t<div class=\"elementor-divider\" style=\"--divider-pattern-url: url(&quot;data:image\/svg+xml,%3Csvg xmlns=&#039;http:\/\/www.w3.org\/2000\/svg&#039; preserveAspectRatio=&#039;none&#039; overflow=&#039;visible&#039; height=&#039;100%&#039; viewBox=&#039;0 0 24 24&#039; fill=&#039;none&#039; stroke=&#039;black&#039; stroke-width=&#039;1&#039; stroke-linecap=&#039;square&#039; stroke-miterlimit=&#039;10&#039;%3E%3Cpath d=&#039;M0,21c3.3,0,8.3-0.9,15.7-7.1c6.6-5.4,4.4-9.3,2.4-10.3c-3.4-1.8-7.7,1.3-7.3,8.8C11.2,20,17.1,21,24,21&#039;\/%3E%3C\/svg%3E&quot;);\">\n\t\t\t<span class=\"elementor-divider-separator\">\n\t\t\t\t\t\t\t<div class=\"elementor-icon elementor-divider__element\">\n\t\t\t\t\t<i aria-hidden=\"true\" class=\"fas fa-star\"><\/i><\/div>\n\t\t\t\t\t\t<\/span>\n\t\t<\/div>\n\t\t\t\t\t\t<\/div>\n\t\t\t\t<\/div>\n\t\t\t\t\t<\/div>\n\t\t<\/div>\n\t\t\t\t\t<\/div>\n\t\t<\/section>\n\t\t\t\t<section class=\"elementor-section elementor-top-section elementor-element elementor-element-fe25196 elementor-section-boxed elementor-section-height-default elementor-section-height-default\" data-id=\"fe25196\" data-element_type=\"section\" data-e-type=\"section\">\n\t\t\t\t\t\t<div class=\"elementor-container elementor-column-gap-default\">\n\t\t\t\t\t<div class=\"elementor-column elementor-col-100 elementor-top-column elementor-element elementor-element-97d60e7\" data-id=\"97d60e7\" data-element_type=\"column\" data-e-type=\"column\">\n\t\t\t<div class=\"elementor-widget-wrap elementor-element-populated\">\n\t\t\t\t\t\t<div class=\"elementor-element elementor-element-e5aab39 elementor-widget elementor-widget-image\" data-id=\"e5aab39\" data-element_type=\"widget\" data-e-type=\"widget\" data-widget_type=\"image.default\">\n\t\t\t\t<div class=\"elementor-widget-container\">\n\t\t\t\t\t\t\t\t\t\t\t\t\t\t\t<img fetchpriority=\"high\" decoding=\"async\" width=\"1024\" height=\"512\" src=\"https:\/\/massagepraxis-ilanz.ch\/wp-content\/uploads\/2026\/01\/Colage_Juli-2025-10x20-1-1024x512.jpg\" class=\"attachment-large size-large wp-image-991\" alt=\"\" srcset=\"http:\/\/massagepraxis-ilanz.ch\/wp-content\/uploads\/2026\/01\/Colage_Juli-2025-10x20-1-1024x512.jpg 1024w, http:\/\/massagepraxis-ilanz.ch\/wp-content\/uploads\/2026\/01\/Colage_Juli-2025-10x20-1-300x150.jpg 300w, http:\/\/massagepraxis-ilanz.ch\/wp-content\/uploads\/2026\/01\/Colage_Juli-2025-10x20-1-768x384.jpg 768w, http:\/\/massagepraxis-ilanz.ch\/wp-content\/uploads\/2026\/01\/Colage_Juli-2025-10x20-1-1536x768.jpg 1536w, http:\/\/massagepraxis-ilanz.ch\/wp-content\/uploads\/2026\/01\/Colage_Juli-2025-10x20-1-2048x1024.jpg 2048w, http:\/\/massagepraxis-ilanz.ch\/wp-content\/uploads\/2026\/01\/Colage_Juli-2025-10x20-1-1000x500.jpg 1000w, http:\/\/massagepraxis-ilanz.ch\/wp-content\/uploads\/2026\/01\/Colage_Juli-2025-10x20-1-700x350.jpg 700w\" sizes=\"(max-width: 1024px) 100vw, 1024px\" \/>\t\t\t\t\t\t\t\t\t\t\t\t\t\t\t<\/div>\n\t\t\t\t<\/div>\n\t\t\t\t\t<\/div>\n\t\t<\/div>\n\t\t\t\t\t<\/div>\n\t\t<\/section>\n\t\t\t\t<section class=\"elementor-section elementor-top-section elementor-element elementor-element-d8e3978 elementor-section-boxed elementor-section-height-default elementor-section-height-default\" data-id=\"d8e3978\" data-element_type=\"section\" data-e-type=\"section\">\n\t\t\t\t\t\t<div class=\"elementor-container elementor-column-gap-default\">\n\t\t\t\t\t<div class=\"elementor-column elementor-col-100 elementor-top-column elementor-element elementor-element-bfb1cca\" data-id=\"bfb1cca\" data-element_type=\"column\" data-e-type=\"column\">\n\t\t\t<div class=\"elementor-widget-wrap elementor-element-populated\">\n\t\t\t\t\t\t<div class=\"elementor-element elementor-element-a9601bf elementor-widget__width-initial elementor-widget elementor-widget-text-editor\" data-id=\"a9601bf\" data-element_type=\"widget\" data-e-type=\"widget\" data-widget_type=\"text-editor.default\">\n\t\t\t\t<div class=\"elementor-widget-container\">\n\t\t\t\t\t\t\t\t\t<h3>Willkommen in der Gesundheitspraxis Surselva<\/h3><p>Bei Nina Bernhardsgr\u00fctter, Sabrina Aubry-Spescha, Ramona Walser-Pelican, Daniel Hasler, Rosita Valaulta, Pierina Bischofberger und Jasmin Bernhardsgr\u00fctter stehen Sie als Mensch mit Ihren individuellen Bed\u00fcrfnissen im Zentrum.<\/p><p>In unserer Praxis vereinen wir medizinische, therapeutische und ganzheitliche Ans\u00e4tze zu einem umfassenden Angebot f\u00fcr Gesundheit, Wohlbefinden und Pr\u00e4vention. Mit Fachkompetenz, Erfahrung und pers\u00f6nlicher Zuwendung begleiten wir Sie auf Ihrem Weg zu mehr Lebensqualit\u00e4t, Beweglichkeit und innerer Balance.<br \/><br \/><strong>Unsere Behandlungs- und Beratungsbereiche:<\/strong><\/p><ul><li>Medizinische und therapeutische Massage<\/li><li>Lymphdrainage<\/li><li>Fussreflexzonenmassage<\/li><li>Physiotherapeutische Anwendungen<\/li><li>Coaching<\/li><li>Ohrkerzentherapie<\/li><li>Hochfrequenztherapie nach Roland Beer<\/li><li>Hom\u00f6opathie<\/li><li>Numerologie &amp; Vitalstoffberatung<\/li><li>Ern\u00e4hrungsberatung<\/li><li>Sturzprophylaxe &amp; Bewegungssicherheit<\/li><\/ul><p>Unsere Arbeit ist gepr\u00e4gt von einem ganzheitlichen Verst\u00e4ndnis, individueller Betreuung und einer ruhigen, wertsch\u00e4tzenden Atmosph\u00e4re. Ob zur Linderung von Beschwerden, zur Pr\u00e4vention oder zur pers\u00f6nlichen Weiterentwicklung \u2013 wir nehmen uns Zeit f\u00fcr Sie.<\/p>\t\t\t\t\t\t\t\t<\/div>\n\t\t\t\t<\/div>\n\t\t\t\t<div class=\"elementor-element elementor-element-b929701 elementor-widget elementor-widget-spacer\" data-id=\"b929701\" data-element_type=\"widget\" data-e-type=\"widget\" data-widget_type=\"spacer.default\">\n\t\t\t\t<div class=\"elementor-widget-container\">\n\t\t\t\t\t\t\t<div class=\"elementor-spacer\">\n\t\t\t<div class=\"elementor-spacer-inner\"><\/div>\n\t\t<\/div>\n\t\t\t\t\t\t<\/div>\n\t\t\t\t<\/div>\n\t\t\t\t<div class=\"elementor-element elementor-element-8d5c584 elementor-button-info elementor-widget elementor-widget-button\" data-id=\"8d5c584\" data-element_type=\"widget\" data-e-type=\"widget\" data-widget_type=\"button.default\">\n\t\t\t\t<div class=\"elementor-widget-container\">\n\t\t\t\t\t\t\t\t\t<div class=\"elementor-button-wrapper\">\n\t\t\t\t\t<a class=\"elementor-button elementor-button-link elementor-size-sm\" href=\"https:\/\/massagepraxis-ilanz.ch\/?page_id=25\">\n\t\t\t\t\t\t<span class=\"elementor-button-content-wrapper\">\n\t\t\t\t\t\t<span class=\"elementor-button-icon\">\n\t\t\t\t<i aria-hidden=\"true\" class=\"fas fa-user-friends\"><\/i>\t\t\t<\/span>\n\t\t\t\t\t\t\t\t\t<span class=\"elementor-button-text\">Unser Team kennenlernen<\/span>\n\t\t\t\t\t<\/span>\n\t\t\t\t\t<\/a>\n\t\t\t\t<\/div>\n\t\t\t\t\t\t\t\t<\/div>\n\t\t\t\t<\/div>\n\t\t\t\t<div class=\"elementor-element elementor-element-d327149 elementor-widget elementor-widget-text-editor\" data-id=\"d327149\" data-element_type=\"widget\" data-e-type=\"widget\" data-widget_type=\"text-editor.default\">\n\t\t\t\t<div class=\"elementor-widget-container\">\n\t\t\t\t\t\t\t\t\t<h2>Unser Ansatz<\/h2><p>Wir nehmen uns Zeit \u2013 f\u00fcr Ihre Gesundheit, Ihre Fragen und Ihre Lebenssituation. In unserer Praxis verbinden wir schulmedizinisches Wissen mit ganzheitlichen Heilmethoden. So entsteht Raum f\u00fcr Heilung auf k\u00f6rperlicher, emotionaler und geistiger Ebene. Wir sehen den Menschen als Ganzes \u2013 und begleiten ihn mit Respekt, Empathie und fachlicher Kompetenz.<\/p>\t\t\t\t\t\t\t\t<\/div>\n\t\t\t\t<\/div>\n\t\t\t\t\t<\/div>\n\t\t<\/div>\n\t\t\t\t\t<\/div>\n\t\t<\/section>\n\t\t\t\t<section class=\"elementor-section elementor-top-section elementor-element elementor-element-96d7024 elementor-section-boxed elementor-section-height-default elementor-section-height-default\" data-id=\"96d7024\" data-element_type=\"section\" data-e-type=\"section\">\n\t\t\t\t\t\t<div class=\"elementor-container elementor-column-gap-default\">\n\t\t\t\t\t<div class=\"elementor-column elementor-col-100 elementor-top-column elementor-element elementor-element-0ec220a\" data-id=\"0ec220a\" data-element_type=\"column\" data-e-type=\"column\">\n\t\t\t<div class=\"elementor-widget-wrap elementor-element-populated\">\n\t\t\t\t\t\t<div class=\"elementor-element elementor-element-53fc8b6 elementor-widget elementor-widget-text-editor\" data-id=\"53fc8b6\" data-element_type=\"widget\" data-e-type=\"widget\" data-widget_type=\"text-editor.default\">\n\t\t\t\t<div class=\"elementor-widget-container\">\n\t\t\t\t\t\t\t\t\t<h3 class=\"mitte\" style=\"text-align: center;\">Geschenke machen Freude &#8211; Gutscheine erh\u00e4ltlich<\/h3><div>\u00a0<\/div><p class=\"emr\" style=\"text-align: center;\">Nina Bernhardsgr\u00fctter ist EMR und\u00a0<a href=\"http:\/\/www.asca.ch\/?lang=de\" target=\"_blank\" rel=\"noopener\">Asca<\/a> zertifiziert. EGK- und in vielen Zusatzversicherungen anerkannt<br \/>(ausser Helsana und Visana).<br \/>Rosita Valaulta und Pierina Bischofberger haben keine Krankenkassenzulassung<\/p>\t\t\t\t\t\t\t\t<\/div>\n\t\t\t\t<\/div>\n\t\t\t\t<div class=\"elementor-element elementor-element-3248e79 elementor-widget elementor-widget-text-editor\" data-id=\"3248e79\" data-element_type=\"widget\" data-e-type=\"widget\" data-widget_type=\"text-editor.default\">\n\t\t\t\t<div class=\"elementor-widget-container\">\n\t\t\t\t\t\t\t\t\t<h3 class=\"mitte\" style=\"text-align: center;\">Sei gut zu deinem K\u00f6rper, damit deine Seele Lust hat, darin zu wohnen. (T.v.Avila)<\/h3><div>\u00a0<\/div>\t\t\t\t\t\t\t\t<\/div>\n\t\t\t\t<\/div>\n\t\t\t\t\t<\/div>\n\t\t<\/div>\n\t\t\t\t\t<\/div>\n\t\t<\/section>\n\t\t\t\t<section class=\"elementor-section elementor-top-section elementor-element elementor-element-4358048 elementor-section-full_width elementor-section-height-default elementor-section-height-default\" data-id=\"4358048\" data-element_type=\"section\" data-e-type=\"section\">\n\t\t\t\t\t\t<div class=\"elementor-container elementor-column-gap-default\">\n\t\t\t\t\t<div class=\"elementor-column elementor-col-33 elementor-top-column elementor-element elementor-element-94d6f57\" data-id=\"94d6f57\" data-element_type=\"column\" data-e-type=\"column\">\n\t\t\t<div class=\"elementor-widget-wrap elementor-element-populated\">\n\t\t\t\t\t\t<div class=\"elementor-element elementor-element-0206a98 elementor-widget elementor-widget-image\" data-id=\"0206a98\" data-element_type=\"widget\" data-e-type=\"widget\" data-settings=\"{&quot;_animation&quot;:&quot;none&quot;}\" data-widget_type=\"image.default\">\n\t\t\t\t<div class=\"elementor-widget-container\">\n\t\t\t\t\t\t\t\t\t\t\t\t\t\t\t\t<a href=\"http:\/\/massagepraxis-ilanz.ch\/wp-content\/uploads\/2021\/11\/praxis_Ilanz-33-scaled.jpg\" data-elementor-open-lightbox=\"yes\" data-elementor-lightbox-title=\"praxis_Ilanz 33\" data-e-action-hash=\"#elementor-action%3Aaction%3Dlightbox%26settings%3DeyJpZCI6NTA5LCJ1cmwiOiJodHRwczpcL1wvbWFzc2FnZXByYXhpcy1pbGFuei5jaFwvd3AtY29udGVudFwvdXBsb2Fkc1wvMjAyMVwvMTFcL3ByYXhpc19JbGFuei0zMy1zY2FsZWQuanBnIn0%3D\">\n\t\t\t\t\t\t\t<img decoding=\"async\" width=\"1024\" height=\"683\" src=\"https:\/\/massagepraxis-ilanz.ch\/wp-content\/uploads\/2021\/11\/praxis_Ilanz-33-1024x683.jpg\" class=\"attachment-large size-large wp-image-509\" alt=\"\" srcset=\"http:\/\/massagepraxis-ilanz.ch\/wp-content\/uploads\/2021\/11\/praxis_Ilanz-33-1024x683.jpg 1024w, http:\/\/massagepraxis-ilanz.ch\/wp-content\/uploads\/2021\/11\/praxis_Ilanz-33-300x200.jpg 300w, http:\/\/massagepraxis-ilanz.ch\/wp-content\/uploads\/2021\/11\/praxis_Ilanz-33-768x512.jpg 768w, http:\/\/massagepraxis-ilanz.ch\/wp-content\/uploads\/2021\/11\/praxis_Ilanz-33-1536x1024.jpg 1536w, http:\/\/massagepraxis-ilanz.ch\/wp-content\/uploads\/2021\/11\/praxis_Ilanz-33-2048x1365.jpg 2048w, http:\/\/massagepraxis-ilanz.ch\/wp-content\/uploads\/2021\/11\/praxis_Ilanz-33-700x467.jpg 700w\" sizes=\"(max-width: 1024px) 100vw, 1024px\" \/>\t\t\t\t\t\t\t\t<\/a>\n\t\t\t\t\t\t\t\t\t\t\t\t\t\t\t<\/div>\n\t\t\t\t<\/div>\n\t\t\t\t\t<\/div>\n\t\t<\/div>\n\t\t\t\t<div class=\"elementor-column elementor-col-33 elementor-top-column elementor-element elementor-element-d9ae53b\" data-id=\"d9ae53b\" data-element_type=\"column\" data-e-type=\"column\">\n\t\t\t<div class=\"elementor-widget-wrap elementor-element-populated\">\n\t\t\t\t\t\t<div class=\"elementor-element elementor-element-97f07ee elementor-widget elementor-widget-image\" data-id=\"97f07ee\" data-element_type=\"widget\" data-e-type=\"widget\" data-settings=\"{&quot;_animation&quot;:&quot;none&quot;}\" data-widget_type=\"image.default\">\n\t\t\t\t<div class=\"elementor-widget-container\">\n\t\t\t\t\t\t\t\t\t\t\t\t\t\t\t\t<a href=\"http:\/\/massagepraxis-ilanz.ch\/wp-content\/uploads\/2021\/11\/praxis_Ilanz-18-scaled.jpg\" data-elementor-open-lightbox=\"yes\" data-elementor-lightbox-title=\"praxis_Ilanz 18\" data-e-action-hash=\"#elementor-action%3Aaction%3Dlightbox%26settings%3DeyJpZCI6NDkzLCJ1cmwiOiJodHRwczpcL1wvbWFzc2FnZXByYXhpcy1pbGFuei5jaFwvd3AtY29udGVudFwvdXBsb2Fkc1wvMjAyMVwvMTFcL3ByYXhpc19JbGFuei0xOC1zY2FsZWQuanBnIn0%3D\">\n\t\t\t\t\t\t\t<img decoding=\"async\" width=\"1024\" height=\"683\" src=\"https:\/\/massagepraxis-ilanz.ch\/wp-content\/uploads\/2021\/11\/praxis_Ilanz-18-1024x683.jpg\" class=\"attachment-large size-large wp-image-493\" alt=\"\" srcset=\"http:\/\/massagepraxis-ilanz.ch\/wp-content\/uploads\/2021\/11\/praxis_Ilanz-18-1024x683.jpg 1024w, http:\/\/massagepraxis-ilanz.ch\/wp-content\/uploads\/2021\/11\/praxis_Ilanz-18-300x200.jpg 300w, http:\/\/massagepraxis-ilanz.ch\/wp-content\/uploads\/2021\/11\/praxis_Ilanz-18-768x512.jpg 768w, http:\/\/massagepraxis-ilanz.ch\/wp-content\/uploads\/2021\/11\/praxis_Ilanz-18-1536x1024.jpg 1536w, http:\/\/massagepraxis-ilanz.ch\/wp-content\/uploads\/2021\/11\/praxis_Ilanz-18-2048x1365.jpg 2048w, http:\/\/massagepraxis-ilanz.ch\/wp-content\/uploads\/2021\/11\/praxis_Ilanz-18-700x467.jpg 700w\" sizes=\"(max-width: 1024px) 100vw, 1024px\" \/>\t\t\t\t\t\t\t\t<\/a>\n\t\t\t\t\t\t\t\t\t\t\t\t\t\t\t<\/div>\n\t\t\t\t<\/div>\n\t\t\t\t\t<\/div>\n\t\t<\/div>\n\t\t\t\t<div class=\"elementor-column elementor-col-33 elementor-top-column elementor-element elementor-element-0ebf0d7\" data-id=\"0ebf0d7\" data-element_type=\"column\" data-e-type=\"column\">\n\t\t\t<div class=\"elementor-widget-wrap elementor-element-populated\">\n\t\t\t\t\t\t<div class=\"elementor-element elementor-element-c37c774 elementor-widget elementor-widget-image\" data-id=\"c37c774\" data-element_type=\"widget\" data-e-type=\"widget\" data-settings=\"{&quot;_animation&quot;:&quot;none&quot;}\" data-widget_type=\"image.default\">\n\t\t\t\t<div class=\"elementor-widget-container\">\n\t\t\t\t\t\t\t\t\t\t\t\t\t\t\t\t<a href=\"http:\/\/massagepraxis-ilanz.ch\/wp-content\/uploads\/2021\/11\/praxis_Ilanz-19-scaled.jpg\" data-elementor-open-lightbox=\"yes\" data-elementor-lightbox-title=\"praxis_Ilanz 19\" data-e-action-hash=\"#elementor-action%3Aaction%3Dlightbox%26settings%3DeyJpZCI6NDk0LCJ1cmwiOiJodHRwczpcL1wvbWFzc2FnZXByYXhpcy1pbGFuei5jaFwvd3AtY29udGVudFwvdXBsb2Fkc1wvMjAyMVwvMTFcL3ByYXhpc19JbGFuei0xOS1zY2FsZWQuanBnIn0%3D\">\n\t\t\t\t\t\t\t<img loading=\"lazy\" decoding=\"async\" width=\"1024\" height=\"683\" src=\"https:\/\/massagepraxis-ilanz.ch\/wp-content\/uploads\/2021\/11\/praxis_Ilanz-19-1024x683.jpg\" class=\"attachment-large size-large wp-image-494\" alt=\"\" srcset=\"http:\/\/massagepraxis-ilanz.ch\/wp-content\/uploads\/2021\/11\/praxis_Ilanz-19-1024x683.jpg 1024w, http:\/\/massagepraxis-ilanz.ch\/wp-content\/uploads\/2021\/11\/praxis_Ilanz-19-300x200.jpg 300w, http:\/\/massagepraxis-ilanz.ch\/wp-content\/uploads\/2021\/11\/praxis_Ilanz-19-768x512.jpg 768w, http:\/\/massagepraxis-ilanz.ch\/wp-content\/uploads\/2021\/11\/praxis_Ilanz-19-1536x1024.jpg 1536w, http:\/\/massagepraxis-ilanz.ch\/wp-content\/uploads\/2021\/11\/praxis_Ilanz-19-2048x1365.jpg 2048w, http:\/\/massagepraxis-ilanz.ch\/wp-content\/uploads\/2021\/11\/praxis_Ilanz-19-700x467.jpg 700w\" sizes=\"(max-width: 1024px) 100vw, 1024px\" \/>\t\t\t\t\t\t\t\t<\/a>\n\t\t\t\t\t\t\t\t\t\t\t\t\t\t\t<\/div>\n\t\t\t\t<\/div>\n\t\t\t\t\t<\/div>\n\t\t<\/div>\n\t\t\t\t\t<\/div>\n\t\t<\/section>\n\t\t\t\t<section class=\"elementor-section elementor-top-section elementor-element elementor-element-7c61cbc elementor-section-boxed elementor-section-height-default elementor-section-height-default\" data-id=\"7c61cbc\" data-element_type=\"section\" data-e-type=\"section\" data-settings=\"{&quot;background_background&quot;:&quot;classic&quot;,&quot;shape_divider_top&quot;:&quot;mountains&quot;}\">\n\t\t\t\t\t<div class=\"elementor-shape elementor-shape-top\" aria-hidden=\"true\" data-negative=\"false\">\n\t\t\t<svg xmlns=\"http:\/\/www.w3.org\/2000\/svg\" viewBox=\"0 0 1000 100\" preserveAspectRatio=\"none\">\n\t<path class=\"elementor-shape-fill\" opacity=\"0.33\" d=\"M473,67.3c-203.9,88.3-263.1-34-320.3,0C66,119.1,0,59.7,0,59.7V0h1000v59.7 c0,0-62.1,26.1-94.9,29.3c-32.8,3.3-62.8-12.3-75.8-22.1C806,49.6,745.3,8.7,694.9,4.7S492.4,59,473,67.3z\"\/>\n\t<path class=\"elementor-shape-fill\" opacity=\"0.66\" d=\"M734,67.3c-45.5,0-77.2-23.2-129.1-39.1c-28.6-8.7-150.3-10.1-254,39.1 s-91.7-34.4-149.2,0C115.7,118.3,0,39.8,0,39.8V0h1000v36.5c0,0-28.2-18.5-92.1-18.5C810.2,18.1,775.7,67.3,734,67.3z\"\/>\n\t<path class=\"elementor-shape-fill\" d=\"M766.1,28.9c-200-57.5-266,65.5-395.1,19.5C242,1.8,242,5.4,184.8,20.6C128,35.8,132.3,44.9,89.9,52.5C28.6,63.7,0,0,0,0 h1000c0,0-9.9,40.9-83.6,48.1S829.6,47,766.1,28.9z\"\/>\n<\/svg>\t\t<\/div>\n\t\t\t\t\t<div class=\"elementor-container elementor-column-gap-default\">\n\t\t\t\t\t<div class=\"elementor-column elementor-col-100 elementor-top-column elementor-element elementor-element-e3b0fe8\" data-id=\"e3b0fe8\" data-element_type=\"column\" data-e-type=\"column\">\n\t\t\t<div class=\"elementor-widget-wrap elementor-element-populated\">\n\t\t\t\t\t\t<div class=\"elementor-element elementor-element-55f556e elementor-widget elementor-widget-text-editor\" data-id=\"55f556e\" data-element_type=\"widget\" data-e-type=\"widget\" data-widget_type=\"text-editor.default\">\n\t\t\t\t<div class=\"elementor-widget-container\">\n\t\t\t\t\t\t\t\t\t<h1>Haben Sie Fragen?<\/h1><p>Dann melden Sie sich bei mir! Schreiben Sie mir oder rufen Sie mich an.<br \/>Gemeinsam finden wir heraus, wie ich Ihnen helfen kann.<\/p>\t\t\t\t\t\t\t\t<\/div>\n\t\t\t\t<\/div>\n\t\t\t\t<section class=\"elementor-section elementor-inner-section elementor-element elementor-element-d9829d9 elementor-section-boxed elementor-section-height-default elementor-section-height-default\" data-id=\"d9829d9\" data-element_type=\"section\" data-e-type=\"section\">\n\t\t\t\t\t\t<div class=\"elementor-container elementor-column-gap-default\">\n\t\t\t\t\t<div class=\"elementor-column elementor-col-25 elementor-inner-column elementor-element elementor-element-3d7972d\" data-id=\"3d7972d\" data-element_type=\"column\" data-e-type=\"column\">\n\t\t\t<div class=\"elementor-widget-wrap\">\n\t\t\t\t\t\t\t<\/div>\n\t\t<\/div>\n\t\t\t\t<div class=\"elementor-column elementor-col-25 elementor-inner-column elementor-element elementor-element-2b40776\" data-id=\"2b40776\" data-element_type=\"column\" data-e-type=\"column\">\n\t\t\t<div class=\"elementor-widget-wrap elementor-element-populated\">\n\t\t\t\t\t\t<div class=\"elementor-element elementor-element-f64a247 elementor-align-center elementor-widget elementor-widget-button\" data-id=\"f64a247\" data-element_type=\"widget\" data-e-type=\"widget\" data-widget_type=\"button.default\">\n\t\t\t\t<div class=\"elementor-widget-container\">\n\t\t\t\t\t\t\t\t\t<div class=\"elementor-button-wrapper\">\n\t\t\t\t\t<a class=\"elementor-button elementor-button-link elementor-size-md\" href=\"tel:078%20892%2092%2091\">\n\t\t\t\t\t\t<span class=\"elementor-button-content-wrapper\">\n\t\t\t\t\t\t<span class=\"elementor-button-icon\">\n\t\t\t\t<i aria-hidden=\"true\" class=\"fas fa-phone\"><\/i>\t\t\t<\/span>\n\t\t\t\t\t\t\t\t\t<span class=\"elementor-button-text\">Jetzt anrufen <\/span>\n\t\t\t\t\t<\/span>\n\t\t\t\t\t<\/a>\n\t\t\t\t<\/div>\n\t\t\t\t\t\t\t\t<\/div>\n\t\t\t\t<\/div>\n\t\t\t\t\t<\/div>\n\t\t<\/div>\n\t\t\t\t<div class=\"elementor-column elementor-col-25 elementor-inner-column elementor-element elementor-element-4ccf4a5\" data-id=\"4ccf4a5\" data-element_type=\"column\" data-e-type=\"column\">\n\t\t\t<div class=\"elementor-widget-wrap elementor-element-populated\">\n\t\t\t\t\t\t<div class=\"elementor-element elementor-element-a58c9c4 elementor-align-center elementor-widget elementor-widget-button\" data-id=\"a58c9c4\" data-element_type=\"widget\" data-e-type=\"widget\" data-widget_type=\"button.default\">\n\t\t\t\t<div class=\"elementor-widget-container\">\n\t\t\t\t\t\t\t\t\t<div class=\"elementor-button-wrapper\">\n\t\t\t\t\t<a class=\"elementor-button elementor-button-link elementor-size-md\" href=\"mailto:info@massagepraxis-ilanz.ch\">\n\t\t\t\t\t\t<span class=\"elementor-button-content-wrapper\">\n\t\t\t\t\t\t<span class=\"elementor-button-icon\">\n\t\t\t\t<i aria-hidden=\"true\" class=\"far fa-envelope\"><\/i>\t\t\t<\/span>\n\t\t\t\t\t\t\t\t\t<span class=\"elementor-button-text\">Jetzt kontaktieren<\/span>\n\t\t\t\t\t<\/span>\n\t\t\t\t\t<\/a>\n\t\t\t\t<\/div>\n\t\t\t\t\t\t\t\t<\/div>\n\t\t\t\t<\/div>\n\t\t\t\t\t<\/div>\n\t\t<\/div>\n\t\t\t\t<div class=\"elementor-column elementor-col-25 elementor-inner-column elementor-element elementor-element-1f31476\" data-id=\"1f31476\" data-element_type=\"column\" data-e-type=\"column\">\n\t\t\t<div class=\"elementor-widget-wrap\">\n\t\t\t\t\t\t\t<\/div>\n\t\t<\/div>\n\t\t\t\t\t<\/div>\n\t\t<\/section>\n\t\t\t\t\t<\/div>\n\t\t<\/div>\n\t\t\t\t\t<\/div>\n\t\t<\/section>\n\t\t\t\t<section class=\"elementor-section elementor-top-section elementor-element elementor-element-415283c elementor-section-boxed elementor-section-height-default elementor-section-height-default\" data-id=\"415283c\" data-element_type=\"section\" data-e-type=\"section\">\n\t\t\t\t\t\t<div class=\"elementor-container elementor-column-gap-default\">\n\t\t\t\t\t<div class=\"elementor-column elementor-col-100 elementor-top-column elementor-element elementor-element-694d0fa\" data-id=\"694d0fa\" data-element_type=\"column\" data-e-type=\"column\">\n\t\t\t<div class=\"elementor-widget-wrap\">\n\t\t\t\t\t\t\t<\/div>\n\t\t<\/div>\n\t\t\t\t\t<\/div>\n\t\t<\/section>\n\t\t\t\t<\/div>\n\t\t","protected":false},"excerpt":{"rendered":"<p>Praxis MET &amp; K\u00f6rpertherapie Ihre Gesundheitspraxis in der Surselva Klassische Massage, Lymphdrainage, Fussreflexzonenmassage, Lebensberatung Willkommen in der Gesundheitspraxis Surselva Bei Nina Bernhardsgr\u00fctter, Sabrina Aubry-Spescha, Ramona Walser-Pelican, Daniel Hasler, Rosita Valaulta, Pierina Bischofberger und Jasmin Bernhardsgr\u00fctter stehen Sie als Mensch mit Ihren individuellen Bed\u00fcrfnissen im Zentrum&#8230;.<\/p>\n","protected":false},"author":1,"featured_media":0,"parent":0,"menu_order":0,"comment_status":"closed","ping_status":"closed","template":"full_width.php","meta":{"footnotes":""},"class_list":["post-11","page","type-page","status-publish","hentry"],"yoast_head":"<!-- This site is optimized with the Yoast SEO plugin v27.5 - https:\/\/yoast.com\/product\/yoast-seo-wordpress\/ -->\n<title>Home - Gesundheitspraxis Ilanz<\/title>\n<meta name=\"robots\" content=\"index, follow, max-snippet:-1, max-image-preview:large, max-video-preview:-1\" \/>\n<link rel=\"canonical\" href=\"https:\/\/massagepraxis-ilanz.ch\/\" \/>\n<meta property=\"og:locale\" content=\"de_DE\" \/>\n<meta property=\"og:type\" content=\"article\" \/>\n<meta property=\"og:title\" content=\"Home - Gesundheitspraxis Ilanz\" \/>\n<meta property=\"og:description\" content=\"Praxis MET &amp; K\u00f6rpertherapie Ihre Gesundheitspraxis in der Surselva Klassische Massage, Lymphdrainage, Fussreflexzonenmassage, Lebensberatung Willkommen in der Gesundheitspraxis Surselva Bei Nina Bernhardsgr\u00fctter, Sabrina Aubry-Spescha, Ramona Walser-Pelican, Daniel Hasler, Rosita Valaulta, Pierina Bischofberger und Jasmin Bernhardsgr\u00fctter stehen Sie als Mensch mit Ihren individuellen Bed\u00fcrfnissen im Zentrum....\" \/>\n<meta property=\"og:url\" content=\"https:\/\/massagepraxis-ilanz.ch\/\" \/>\n<meta property=\"og:site_name\" content=\"Gesundheitspraxis Ilanz\" \/>\n<meta property=\"article:modified_time\" content=\"2026-03-16T23:52:34+00:00\" \/>\n<meta property=\"og:image\" content=\"http:\/\/massagepraxis-ilanz.ch\/wp-content\/uploads\/2026\/01\/Colage_Juli-2025-10x20-1-1024x512.jpg\" \/>\n<meta name=\"twitter:card\" content=\"summary_large_image\" \/>\n<meta name=\"twitter:label1\" content=\"Gesch\u00e4tzte Lesezeit\" \/>\n\t<meta name=\"twitter:data1\" content=\"3\u00a0Minuten\" \/>\n<script type=\"application\/ld+json\" class=\"yoast-schema-graph\">{\"@context\":\"https:\\\/\\\/schema.org\",\"@graph\":[{\"@type\":\"WebPage\",\"@id\":\"https:\\\/\\\/massagepraxis-ilanz.ch\\\/\",\"url\":\"https:\\\/\\\/massagepraxis-ilanz.ch\\\/\",\"name\":\"Home - Gesundheitspraxis Ilanz\",\"isPartOf\":{\"@id\":\"https:\\\/\\\/massagepraxis-ilanz.ch\\\/#website\"},\"primaryImageOfPage\":{\"@id\":\"https:\\\/\\\/massagepraxis-ilanz.ch\\\/#primaryimage\"},\"image\":{\"@id\":\"https:\\\/\\\/massagepraxis-ilanz.ch\\\/#primaryimage\"},\"thumbnailUrl\":\"http:\\\/\\\/massagepraxis-ilanz.ch\\\/wp-content\\\/uploads\\\/2026\\\/01\\\/Colage_Juli-2025-10x20-1-1024x512.jpg\",\"datePublished\":\"2021-10-21T09:17:59+00:00\",\"dateModified\":\"2026-03-16T23:52:34+00:00\",\"breadcrumb\":{\"@id\":\"https:\\\/\\\/massagepraxis-ilanz.ch\\\/#breadcrumb\"},\"inLanguage\":\"de\",\"potentialAction\":[{\"@type\":\"ReadAction\",\"target\":[\"https:\\\/\\\/massagepraxis-ilanz.ch\\\/\"]}]},{\"@type\":\"ImageObject\",\"inLanguage\":\"de\",\"@id\":\"https:\\\/\\\/massagepraxis-ilanz.ch\\\/#primaryimage\",\"url\":\"https:\\\/\\\/massagepraxis-ilanz.ch\\\/wp-content\\\/uploads\\\/2026\\\/01\\\/Colage_Juli-2025-10x20-1.jpg\",\"contentUrl\":\"https:\\\/\\\/massagepraxis-ilanz.ch\\\/wp-content\\\/uploads\\\/2026\\\/01\\\/Colage_Juli-2025-10x20-1.jpg\",\"width\":2362,\"height\":1181},{\"@type\":\"BreadcrumbList\",\"@id\":\"https:\\\/\\\/massagepraxis-ilanz.ch\\\/#breadcrumb\",\"itemListElement\":[{\"@type\":\"ListItem\",\"position\":1,\"name\":\"Startseite\",\"item\":\"https:\\\/\\\/massagepraxis-ilanz.ch\\\/\"},{\"@type\":\"ListItem\",\"position\":2,\"name\":\"Home\"}]},{\"@type\":\"WebSite\",\"@id\":\"https:\\\/\\\/massagepraxis-ilanz.ch\\\/#website\",\"url\":\"https:\\\/\\\/massagepraxis-ilanz.ch\\\/\",\"name\":\"Gesundheitspraxis Ilanz\",\"description\":\"Praxis Ilanz \u2013 Ganzheitliche Therapie, medizinische und TherapeutischeMassage, Physiotherapie, Lymphdrainage, Fussreflexzonenmassge, Hochfrequenztherapie, Ohrkerzenbehandlung, Hom\u00f6opathie, Ern\u00e4hrungs- &amp; N\u00e4hrstoffberatung, Sturzprophylaxe in Ilanz. Mit Achtsamkeit, Kompetenz und Zeit f\u00fcr Ihre Gesundheit.\",\"potentialAction\":[{\"@type\":\"SearchAction\",\"target\":{\"@type\":\"EntryPoint\",\"urlTemplate\":\"https:\\\/\\\/massagepraxis-ilanz.ch\\\/?s={search_term_string}\"},\"query-input\":{\"@type\":\"PropertyValueSpecification\",\"valueRequired\":true,\"valueName\":\"search_term_string\"}}],\"inLanguage\":\"de\"}]}<\/script>\n<!-- \/ Yoast SEO plugin. -->","yoast_head_json":{"title":"Home - Gesundheitspraxis Ilanz","robots":{"index":"index","follow":"follow","max-snippet":"max-snippet:-1","max-image-preview":"max-image-preview:large","max-video-preview":"max-video-preview:-1"},"canonical":"https:\/\/massagepraxis-ilanz.ch\/","og_locale":"de_DE","og_type":"article","og_title":"Home - Gesundheitspraxis Ilanz","og_description":"Praxis MET &amp; K\u00f6rpertherapie Ihre Gesundheitspraxis in der Surselva Klassische Massage, Lymphdrainage, Fussreflexzonenmassage, Lebensberatung Willkommen in der Gesundheitspraxis Surselva Bei Nina Bernhardsgr\u00fctter, Sabrina Aubry-Spescha, Ramona Walser-Pelican, Daniel Hasler, Rosita Valaulta, Pierina Bischofberger und Jasmin Bernhardsgr\u00fctter stehen Sie als Mensch mit Ihren individuellen Bed\u00fcrfnissen im Zentrum....","og_url":"https:\/\/massagepraxis-ilanz.ch\/","og_site_name":"Gesundheitspraxis Ilanz","article_modified_time":"2026-03-16T23:52:34+00:00","og_image":[{"url":"http:\/\/massagepraxis-ilanz.ch\/wp-content\/uploads\/2026\/01\/Colage_Juli-2025-10x20-1-1024x512.jpg","type":"","width":"","height":""}],"twitter_card":"summary_large_image","twitter_misc":{"Gesch\u00e4tzte Lesezeit":"3\u00a0Minuten"},"schema":{"@context":"https:\/\/schema.org","@graph":[{"@type":"WebPage","@id":"https:\/\/massagepraxis-ilanz.ch\/","url":"https:\/\/massagepraxis-ilanz.ch\/","name":"Home - Gesundheitspraxis Ilanz","isPartOf":{"@id":"https:\/\/massagepraxis-ilanz.ch\/#website"},"primaryImageOfPage":{"@id":"https:\/\/massagepraxis-ilanz.ch\/#primaryimage"},"image":{"@id":"https:\/\/massagepraxis-ilanz.ch\/#primaryimage"},"thumbnailUrl":"http:\/\/massagepraxis-ilanz.ch\/wp-content\/uploads\/2026\/01\/Colage_Juli-2025-10x20-1-1024x512.jpg","datePublished":"2021-10-21T09:17:59+00:00","dateModified":"2026-03-16T23:52:34+00:00","breadcrumb":{"@id":"https:\/\/massagepraxis-ilanz.ch\/#breadcrumb"},"inLanguage":"de","potentialAction":[{"@type":"ReadAction","target":["https:\/\/massagepraxis-ilanz.ch\/"]}]},{"@type":"ImageObject","inLanguage":"de","@id":"https:\/\/massagepraxis-ilanz.ch\/#primaryimage","url":"https:\/\/massagepraxis-ilanz.ch\/wp-content\/uploads\/2026\/01\/Colage_Juli-2025-10x20-1.jpg","contentUrl":"https:\/\/massagepraxis-ilanz.ch\/wp-content\/uploads\/2026\/01\/Colage_Juli-2025-10x20-1.jpg","width":2362,"height":1181},{"@type":"BreadcrumbList","@id":"https:\/\/massagepraxis-ilanz.ch\/#breadcrumb","itemListElement":[{"@type":"ListItem","position":1,"name":"Startseite","item":"https:\/\/massagepraxis-ilanz.ch\/"},{"@type":"ListItem","position":2,"name":"Home"}]},{"@type":"WebSite","@id":"https:\/\/massagepraxis-ilanz.ch\/#website","url":"https:\/\/massagepraxis-ilanz.ch\/","name":"Gesundheitspraxis Ilanz","description":"Praxis Ilanz \u2013 Ganzheitliche Therapie, medizinische und TherapeutischeMassage, Physiotherapie, Lymphdrainage, Fussreflexzonenmassge, Hochfrequenztherapie, Ohrkerzenbehandlung, Hom\u00f6opathie, Ern\u00e4hrungs- &amp; N\u00e4hrstoffberatung, Sturzprophylaxe in Ilanz. Mit Achtsamkeit, Kompetenz und Zeit f\u00fcr Ihre Gesundheit.","potentialAction":[{"@type":"SearchAction","target":{"@type":"EntryPoint","urlTemplate":"https:\/\/massagepraxis-ilanz.ch\/?s={search_term_string}"},"query-input":{"@type":"PropertyValueSpecification","valueRequired":true,"valueName":"search_term_string"}}],"inLanguage":"de"}]}},"_links":{"self":[{"href":"https:\/\/massagepraxis-ilanz.ch\/index.php?rest_route=\/wp\/v2\/pages\/11","targetHints":{"allow":["GET"]}}],"collection":[{"href":"https:\/\/massagepraxis-ilanz.ch\/index.php?rest_route=\/wp\/v2\/pages"}],"about":[{"href":"https:\/\/massagepraxis-ilanz.ch\/index.php?rest_route=\/wp\/v2\/types\/page"}],"author":[{"embeddable":true,"href":"https:\/\/massagepraxis-ilanz.ch\/index.php?rest_route=\/wp\/v2\/users\/1"}],"replies":[{"embeddable":true,"href":"https:\/\/massagepraxis-ilanz.ch\/index.php?rest_route=%2Fwp%2Fv2%2Fcomments&post=11"}],"version-history":[{"count":260,"href":"https:\/\/massagepraxis-ilanz.ch\/index.php?rest_route=\/wp\/v2\/pages\/11\/revisions"}],"predecessor-version":[{"id":1200,"href":"https:\/\/massagepraxis-ilanz.ch\/index.php?rest_route=\/wp\/v2\/pages\/11\/revisions\/1200"}],"wp:attachment":[{"href":"https:\/\/massagepraxis-ilanz.ch\/index.php?rest_route=%2Fwp%2Fv2%2Fmedia&parent=11"}],"curies":[{"name":"wp","href":"https:\/\/api.w.org\/{rel}","templated":true}]}}